{"id":7000,"date":"2016-06-19T18:52:50","date_gmt":"2016-06-19T18:52:50","guid":{"rendered":"http:\/\/gecousb.com.ve\/?page_id=7000"},"modified":"2025-12-22T19:52:54","modified_gmt":"2025-12-22T19:52:54","slug":"miembros","status":"publish","type":"page","link":"https:\/\/gecousb.com.ve\/index.php\/miembros\/","title":{"rendered":"Miembros"},"content":{"rendered":"\n<h3><strong>Junta Directiva (2023-2024):<\/strong><\/h3>\n\n\n\n<ul><li><a href=\"https:\/\/gecousb.com.ve\/index.php\/vicmary\/\" data-type=\"URL\" data-id=\"https:\/\/gecousb.com.ve\/index.php\/vicmary\/\">Vicmary Rojas <\/a>&#8211; Presidente<\/li><li><a href=\"http:\/\/gecousb.com.ve\/index.php\/pedrogarrido\/\">Pedro Garrido<\/a> &#8211; Secretario de Log\u00edstica<\/li><li>Patricia Catalano &#8211; Secretario de Relaciones P\u00fablicas<\/li><li><a href=\"http:\/\/gecousb.com.ve\/index.php\/pablogarrido\/\">Pablo Garrido<\/a> &#8211; Tesorero<\/li><li>Carlo Herrera &#8211; Coordinador Creativo<\/li><\/ul>\n\n\n\n<h4><strong>Miembros de Primer Orden:<\/strong><\/h4>\n\n\n\n<ul><li>Ana Marichal<\/li><li><a href=\"http:\/\/gecousb.com.ve\/index.php\/2017\/03\/29\/andres-torres\/\">Andr\u00e9s Ignacio Torres<\/a><\/li><li>Asxel Ramirez<\/li><li>Carlo Herrera<\/li><li>Javier Uzc\u00e1tegui<\/li><li>Joandriz Gonz\u00e1lez<\/li><li><a href=\"http:\/\/gecousb.com.ve\/index.php\/2017\/03\/29\/miguel-labrador\/\">Miguel Labrador<\/a><\/li><li>Oscar Gonz\u00e1lez<\/li><li><a href=\"http:\/\/gecousb.com.ve\/index.php\/pablogarrido\/\">Pablo Garrido<\/a><\/li><li><a href=\"http:\/\/gecousb.com.ve\/index.php\/pedrogarrido\/\">Pedro Garrido<\/a><\/li><li>Patricia Catalano<\/li><li>Pedro Ovalles (posgrado)<\/li><li>Rosmary Rom\u00e1n<\/li><li><a href=\"https:\/\/gecousb.com.ve\/index.php\/vicmary\/\" data-type=\"URL\" data-id=\"https:\/\/gecousb.com.ve\/index.php\/vicmary\/\">Vicmary Rojas<\/a><\/li><li>Yonaiber Ramos<\/li><\/ul>\n\n\n\n<h4><strong>Miembros de Segundo Orden:<\/strong><\/h4>\n\n\n\n<ul><li>\u00c1lvaro Quintana<\/li><li>Antony Rangel<\/li><li>Daniel Medina<\/li><li>Erick Lavado<\/li><li>Isabella Guevara<\/li><li>Javier Garc\u00eda<\/li><li>Jes\u00fas Guti\u00e9rrez<\/li><li>Jes\u00fas Ruiz<\/li><li>Ka Man Fung<\/li><li>Manuela Panzarelli<\/li><li>Vanessa Uzc\u00e1tegui<\/li><li>Yeisireth Guerrero<\/li><\/ul>\n\n\n\n<h4><strong>Miembros Colaboradores:<\/strong><\/h4>\n\n\n\n<ul><li>Braulio Ch\u00e1vez<\/li><li>Sabrina Gutierrez<\/li><li>Samuel Alonso<\/li><\/ul>\n\n\n\n<h4><strong>Miembros Honorarios:<\/strong><\/h4>\n\n\n\n<ul><li>\u00c1lvaro Rodrigues<\/li><li>Amilcar Seijas<\/li><li><a href=\"http:\/\/gecousb.com.ve\/index.php\/2017\/03\/29\/andrea-ramirez\/\">Andrea Ramirez<\/a><\/li><li>Antonella Requena<\/li><li>Carmen Aguilar<\/li><li>C\u00e9sar S\u00e1nchez<\/li><li><a href=\"http:\/\/gecousb.com.ve\/index.php\/2017\/03\/29\/cristhian-da-silva-2\/\">Cristhian Da Silva<\/a><\/li><li><a href=\"http:\/\/gecousb.com.ve\/index.php\/2017\/03\/29\/daniela-gonzalez\/\">Daniela Gonzalez<\/a><\/li><li>David Atias<\/li><li>Eddie Chang<\/li><li>Emilio Darriba<\/li><li>Fabiana Acosta<\/li><li>Gianpaolo Cuticchia<\/li><li>H\u00e9ctor Liberatore<\/li><li>Jean Franco G\u00f3mez<\/li><li><a href=\"http:\/\/gecousb.com.ve\/index.php\/2017\/03\/29\/jorge-osorio\/\">Jorge Osorio<\/a><\/li><li>Jos\u00e9 Alejandro Gonz\u00e1lez<\/li><li><a href=\"http:\/\/gecousb.com.ve\/index.php\/ponque\/\">Jos\u00e9 Miguel Castillo<\/a><\/li><li>Jos\u00e9 Miguel Romero<\/li><li>Isaac Vera<\/li><li>Laura Ocanto<\/li><li>Loinas Barrera<\/li><li>Luis Anselmi<\/li><li>Luis Carlos Mendoza<\/li><li>Mar\u00eda Grela<\/li><li>Mario Quintero<\/li><li>Miguel Casanova<\/li><li><a href=\"http:\/\/gecousb.com.ve\/index.php\/2017\/03\/29\/santiago-de-viana\/\">Santiago De Viana<\/a><\/li><li>Samuel Zambrano<\/li><li>Yulimar Level<\/li><\/ul>\n\n\n\n<h4><strong>Junta Directiva Fundadora (2016-2017):<\/strong><\/h4>\n\n\n\n<ul><li><a href=\"http:\/\/gecousb.com.ve\/index.php\/2017\/03\/29\/cristhian-da-silva-2\/\">Cristhian Da Silva<\/a>&#8211; Presidente<\/li><li>Daniela Gonz\u00e1lez &#8211; Secretaria de Log\u00edstica<\/li><li>Loinas Barrera &#8211; Secretario de Relaciones P\u00fablicas<\/li><li>Andrea Ramirez &#8211; Coordinador Creativo<\/li><li><a href=\"http:\/\/gecousb.com.ve\/index.php\/2017\/03\/29\/andres-torres\/\">Andr\u00e9s Ignacio Torres<\/a> &#8211; Tesorero<\/li><\/ul>\n\n\n\n<h4><strong>Junta Directiva (2017-2018):<\/strong><\/h4>\n\n\n\n<ul><li><a href=\"http:\/\/gecousb.com.ve\/index.php\/2017\/03\/29\/andres-torres\/\">Andr\u00e9s Ignacio Torres<\/a>&nbsp;&#8211; Presidente<\/li><li>Antonella Requena &#8211; Secretaria de Log\u00edstica<\/li><li><a href=\"http:\/\/gecousb.com.ve\/index.php\/2017\/03\/29\/miguel-labrador\/\">Miguel \u00c1ngel Labrador<\/a> &#8211; Secretario de Relaciones P\u00fablicas<\/li><li>Miguel \u00c1ngel Casanova &#8211; Coordinador Creativo<\/li><li>Alvaro Rodrigues &#8211; Tesorero<\/li><\/ul>\n\n\n\n<h4><strong>Junta Directiva (2019-2020):<\/strong><\/h4>\n\n\n\n<ul><li><a href=\"http:\/\/gecousb.com.ve\/index.php\/2017\/03\/29\/miguel-labrador\/\" data-type=\"URL\" data-id=\"http:\/\/gecousb.com.ve\/index.php\/2017\/03\/29\/miguel-labrador\/\">Miguel \u00c1ngel Labrador<\/a> &#8211; Presidente<\/li><li><a href=\"https:\/\/gecousb.com.ve\/index.php\/vicmary\/\" data-type=\"URL\" data-id=\"https:\/\/gecousb.com.ve\/index.php\/vicmary\/\">Vicmary Rojas<\/a> &#8211; Secretaria de Log\u00edstica<\/li><li>Andr\u00e9s Torres &#8211; Secretario de Relaciones P\u00fablicas<\/li><li><a href=\"http:\/\/gecousb.com.ve\/index.php\/pablogarrido\/\">Pablo Garrido<\/a>\u00a0&#8211; Coordinador Creativo<\/li><li>Jos\u00e9 Miguel Castillo- Tesorero<\/li><\/ul>\n\n\n\n<h4><strong>Junta Directiva (2020-2021):<\/strong><\/h4>\n\n\n\n<ul><li><a href=\"http:\/\/gecousb.com.ve\/index.php\/pablogarrido\/\">Pablo Garrido<\/a> &#8211; Presidente<\/li><li><a href=\"http:\/\/gecousb.com.ve\/index.php\/pedrogarrido\/\">Pedro Garrido<\/a> &#8211; Secretario de Log\u00edstica<\/li><li>Joandriz Gonzalez &#8211; Secretaria de Relaciones P\u00fablicas<\/li><li>Yonaiber Ramos &#8211; Tesorero<\/li><li>Ana Marichal &#8211; Coordinador Creativo<\/li><\/ul>\n\n\n\n<h4><strong>Junta Directiva (2021-2022):<\/strong><\/h4>\n\n\n\n<ul><li><a href=\"http:\/\/gecousb.com.ve\/index.php\/pedrogarrido\/\">Pedro Garrido<\/a> &#8211; Presidente<\/li><li>Patricia Catalano &#8211; Secretaria de Log\u00edstica<\/li><li>Oscar Gonz\u00e1lez &#8211; Secretario de Relaciones P\u00fablicas<\/li><li>Jos\u00e9 Carlos Contreras &#8211; Tesorero<\/li><li>Carlo Herrera &#8211; Coordinador Creativo<\/li><\/ul>\n","protected":false},"excerpt":{"rendered":"<p>Junta Directiva (2023-2024): Vicmary Rojas &#8211; Presidente Pedro Garrido &#8211; Secretario de Log\u00edstica Patricia Catalano &#8211; Secretario de Relaciones P\u00fablicas Pablo Garrido &#8211; Tesorero Carlo Herrera &#8211; Coordinador Creativo Miembros de Primer Orden: Ana Marichal Andr\u00e9s Ignacio Torres Asxel Ramirez Carlo Herrera Javier Uzc\u00e1tegui Joandriz Gonz\u00e1lez Miguel Labrador Oscar Gonz\u00e1lez Pablo Garrido Pedro Garrido Patricia [&hellip;]<\/p>\n","protected":false},"author":1,"featured_media":0,"parent":0,"menu_order":0,"comment_status":"open","ping_status":"open","template":"","meta":[],"categories":[],"tags":[],"_links":{"self":[{"href":"https:\/\/gecousb.com.ve\/index.php\/wp-json\/wp\/v2\/pages\/7000"}],"collection":[{"href":"https:\/\/gecousb.com.ve\/index.php\/wp-json\/wp\/v2\/pages"}],"about":[{"href":"https:\/\/gecousb.com.ve\/index.php\/wp-json\/wp\/v2\/types\/page"}],"author":[{"embeddable":true,"href":"https:\/\/gecousb.com.ve\/index.php\/wp-json\/wp\/v2\/users\/1"}],"replies":[{"embeddable":true,"href":"https:\/\/gecousb.com.ve\/index.php\/wp-json\/wp\/v2\/comments?post=7000"}],"version-history":[{"count":16,"href":"https:\/\/gecousb.com.ve\/index.php\/wp-json\/wp\/v2\/pages\/7000\/revisions"}],"predecessor-version":[{"id":38765,"href":"https:\/\/gecousb.com.ve\/index.php\/wp-json\/wp\/v2\/pages\/7000\/revisions\/38765"}],"wp:attachment":[{"href":"https:\/\/gecousb.com.ve\/index.php\/wp-json\/wp\/v2\/media?parent=7000"}],"wp:term":[{"taxonomy":"category","embeddable":true,"href":"https:\/\/gecousb.com.ve\/index.php\/wp-json\/wp\/v2\/categories?post=7000"},{"taxonomy":"post_tag","embeddable":true,"href":"https:\/\/gecousb.com.ve\/index.php\/wp-json\/wp\/v2\/tags?post=7000"}],"curies":[{"name":"wp","href":"https:\/\/api.w.org\/{rel}","templated":true}]}}